{"id":2,"date":"2018-07-18T12:30:44","date_gmt":"2018-07-18T12:30:44","guid":{"rendered":"http:\/\/aby-alle.se\/?page_id=2"},"modified":"2020-03-15T13:52:44","modified_gmt":"2020-03-15T13:52:44","slug":"sample-page","status":"publish","type":"page","link":"https:\/\/aby-alle.se\/","title":{"rendered":"Om Brf \u00c5by All\u00e9"},"content":{"rendered":"\n<p><strong>F\u00f6reningens \u00e4ndam\u00e5l <br><\/strong>\nF\u00f6reningen har till \u00e4ndam\u00e5l att fr\u00e4mja medlemmarnas ekonomiska intressen genom att i f\u00f6reningens hus uppl\u00e5ta bost\u00e4der och lokaler samt tomtmark i anslutning till dessa \u00e5t medlemmarna till nyttjande utan begr\u00e4nsning i tiden. Bostadsr\u00e4tt \u00e4r den r\u00e4tt i f\u00f6reningen som en medlem har p\u00e5 grund av uppl\u00e5telsen. <br><br>\n<strong>Grundfakta om f\u00f6reningen <br><\/strong>\nBostadsr\u00e4ttsf\u00f6reningen registrerades hos Bolagsverket 2016-03-18. <br><brf\u00f6reningen \u00e4r=\"\" ett=\"\" privatbostadsf\u00f6retag=\"\" enligt=\"\" inkomstskattelagen=\"\" (=\"\" 1999:=\"\" 1229),=\"\" d.v.s.=\"\" f\u00f6reningen=\"\" en=\"\" \u00e4kta=\"\" bostadsr\u00e4ttsf\u00f6rening.=\"\" bostadsr\u00e4ttsf\u00f6rening=\"\" r\u00e4knas=\"\" som=\"\" om=\"\" den=\"\" till=\"\" minst=\"\" 60%=\"\" bedriver=\"\" kvalificerad=\"\" verksamhet.=\"\" <br=\"\"><br>F\u00f6reningens g\u00e4llande stadgar har registrerats hos Bolagsverket 2017-07-21. <br><br>F\u00f6reningen har sitt s\u00e4te i Stockholms l\u00e4n, Vallentuna kommun.<\/brf\u00f6reningen><\/p>\n\n\n\n<p><\/p>\n\n\n\n<p><strong>Fastigheten <br><\/strong> Bostadsr\u00e4ttsf\u00f6reningen har genom tecknat k\u00f6peavtal samt k\u00f6pebrev, daterat 2017-05-25 f\u00f6rv\u00e4rvat fastigheten Vallentuna-\u00c5by 1: 169 av Veidekke Villatomter AB. Tomtarealen uppg\u00e5r till 3 840 kvm. <br><br>P\u00e5 fastigheten uppf\u00f6rdes 2017-2018 av Veidekke Bostad AB 19 st bostadsr\u00e4ttsradhus om 2-3 v\u00e5ningar. Adress \u00e4r H\u00e4ggatan 12A-E, H\u00e4ggatan 14A-F, \u00c5by Alle 4A-E samt \u00c5by Alle 6A-C, 186 48 Vallentuna. <br><br>Fastigheten ing\u00e5r i en gemensamhetsanl\u00e4ggning tillsammans med fastigheten Vallentuna-\u00c5by 1: 170 f\u00f6r parkeringsgata inklusive belysning och dagvattenhantering. F\u00f6rvaltningen av anl\u00e4ggningen kommer att ske genom del\u00e4garf\u00f6rvaltning. F\u00f6reningens andelstal f\u00f6r utf\u00f6rande och drift uppg\u00e5r till 23\/29. <br><br>F\u00f6reningens fastighet \u00e4r fullv\u00e4rdesf\u00f6rs\u00e4krad hos Folksam. I f\u00f6rs\u00e4kringen ing\u00e5r ansvarsf\u00f6rs\u00e4kring f\u00f6r styrelsen, skadedjursf\u00f6rs\u00e4kring och \u00e4ven till\u00e4ggsf\u00f6rs\u00e4kring f\u00f6r bostadsr\u00e4ttshavare. <\/p>\n\n\n\n<p><strong>Byggnader och ytor <br><\/strong>Bostadsytan uppg\u00e5r till 2 270 kvm.<\/p>\n\n\n\n<figure class=\"wp-block-table\"><table class=\"\"><tbody><tr><td>5 RoK<\/td><td>8st<\/td><\/tr><tr><td>6 RoK<\/td><td>11st<\/td><\/tr><tr><td>Summa:<\/td><td>19st<\/td><\/tr><\/tbody><\/table><\/figure>\n\n\n\n<p><strong>Styrelse<\/strong><br>Bo Wolwan, Ordf\u00f6rande<br>Richard Nyberg, Styrelseledamot<br>Fredrik Br\u00e4nnstr\u00f6m, Styrelseledamot <br>Jenny Grewdahl, Styrelseledamot <br>Conny Tidblom,  Styrelseledamot<\/p>\n\n\n<div role=\"form\" class=\"wpcf7\" id=\"wpcf7-f36-o1\" lang=\"sv-SE\" dir=\"ltr\">\n<div class=\"screen-reader-response\"><p role=\"status\" aria-live=\"polite\" aria-atomic=\"true\"><\/p> <ul><\/ul><\/div>\n<form action=\"\/index.php?rest_route=%2Fwp%2Fv2%2Fpages%2F2#wpcf7-f36-o1\" method=\"post\" class=\"wpcf7-form init\" enctype=\"multipart\/form-data\" novalidate=\"novalidate\" data-status=\"init\">\n<div style=\"display: none;\">\n<input type=\"hidden\" name=\"_wpcf7\" value=\"36\" \/>\n<input type=\"hidden\" name=\"_wpcf7_version\" value=\"5.4\" \/>\n<input type=\"hidden\" name=\"_wpcf7_locale\" value=\"sv_SE\" \/>\n<input type=\"hidden\" name=\"_wpcf7_unit_tag\" value=\"wpcf7-f36-o1\" \/>\n<input type=\"hidden\" name=\"_wpcf7_container_post\" value=\"0\" \/>\n<input type=\"hidden\" name=\"_wpcf7_posted_data_hash\" value=\"\" \/>\n<input type=\"hidden\" name=\"_wpcf7_recaptcha_response\" value=\"\" \/>\n<\/div>\n<p><label> Ditt namn (obligatorisk)<br \/>\n    <span class=\"wpcf7-form-control-wrap your-name\"><input type=\"text\" name=\"your-name\" value=\"\" size=\"40\" class=\"wpcf7-form-control wpcf7-text wpcf7-validates-as-required\" aria-required=\"true\" aria-invalid=\"false\" \/><\/span> <\/label><\/p>\n<p><label> Din e-post (obligatorisk)<br \/>\n    <span class=\"wpcf7-form-control-wrap your-email\"><input type=\"email\" name=\"your-email\" value=\"\" size=\"40\" class=\"wpcf7-form-control wpcf7-text wpcf7-email wpcf7-validates-as-required wpcf7-validates-as-email\" aria-required=\"true\" aria-invalid=\"false\" \/><\/span> <\/label><\/p>\n<p><label> \u00c4mne<br \/>\n    <span class=\"wpcf7-form-control-wrap your-subject\"><input type=\"text\" name=\"your-subject\" value=\"\" size=\"40\" class=\"wpcf7-form-control wpcf7-text\" aria-invalid=\"false\" \/><\/span> <\/label><\/p>\n<p><label> Ditt meddelande<br \/>\n    <span class=\"wpcf7-form-control-wrap your-message\"><textarea name=\"your-message\" cols=\"40\" rows=\"10\" class=\"wpcf7-form-control wpcf7-textarea\" aria-invalid=\"false\"><\/textarea><\/span> <\/label><\/p>\n<p><label> Bifoga fil<br \/>\n<span class=\"wpcf7-form-control-wrap file-231\"><input type=\"file\" name=\"file-231\" size=\"40\" class=\"wpcf7-form-control wpcf7-file\" accept=\".jpg,.jpeg,.png,.gif,.pdf,.doc,.docx,.ppt,.pptx,.odt,.avi,.ogg,.m4a,.mov,.mp3,.mp4,.mpg,.wav,.wmv\" aria-invalid=\"false\" \/><\/span> <\/label><\/p>\n<p><input type=\"submit\" value=\"Skicka\" class=\"wpcf7-form-control wpcf7-submit\" \/><\/p>\n<div class=\"wpcf7-response-output\" aria-hidden=\"true\"><\/div><\/form><\/div>\n","protected":false},"excerpt":{"rendered":"<p>F\u00f6reningens \u00e4ndam\u00e5l F\u00f6reningen har till \u00e4ndam\u00e5l att fr\u00e4mja medlemmarnas ekonomiska intressen genom att i f\u00f6reningens hus uppl\u00e5ta bost\u00e4der och lokaler samt tomtmark i anslutning till dessa \u00e5t medlemmarna till nyttjande utan begr\u00e4nsning i tiden. Bostadsr\u00e4tt \u00e4r den r\u00e4tt i f\u00f6reningen som en medlem har p\u00e5 grund av uppl\u00e5telsen. Grundfakta om f\u00f6reningen Bostadsr\u00e4ttsf\u00f6reningen registrerades hos Bolagsverket &hellip; <\/p>\n<p class=\"link-more\"><a href=\"https:\/\/aby-alle.se\/\" class=\"more-link\">Forts\u00e4tt l\u00e4sa<span class=\"screen-reader-text\"> &#8220;Om Brf \u00c5by All\u00e9&#8221;<\/span><\/a><\/p>\n","protected":false},"author":1,"featured_media":0,"parent":0,"menu_order":0,"comment_status":"closed","ping_status":"closed","template":"","meta":[],"_links":{"self":[{"href":"https:\/\/aby-alle.se\/index.php?rest_route=\/wp\/v2\/pages\/2"}],"collection":[{"href":"https:\/\/aby-alle.se\/index.php?rest_route=\/wp\/v2\/pages"}],"about":[{"href":"https:\/\/aby-alle.se\/index.php?rest_route=\/wp\/v2\/types\/page"}],"author":[{"embeddable":true,"href":"https:\/\/aby-alle.se\/index.php?rest_route=\/wp\/v2\/users\/1"}],"replies":[{"embeddable":true,"href":"https:\/\/aby-alle.se\/index.php?rest_route=%2Fwp%2Fv2%2Fcomments&post=2"}],"version-history":[{"count":12,"href":"https:\/\/aby-alle.se\/index.php?rest_route=\/wp\/v2\/pages\/2\/revisions"}],"predecessor-version":[{"id":124,"href":"https:\/\/aby-alle.se\/index.php?rest_route=\/wp\/v2\/pages\/2\/revisions\/124"}],"wp:attachment":[{"href":"https:\/\/aby-alle.se\/index.php?rest_route=%2Fwp%2Fv2%2Fmedia&parent=2"}],"curies":[{"name":"wp","href":"https:\/\/api.w.org\/{rel}","templated":true}]}}